{"id":2842,"date":"2023-02-03T20:53:28","date_gmt":"2023-02-03T19:53:28","guid":{"rendered":"http:\/\/www.sakristanen-zh-sh.ch\/wordpress\/?post_type=tribe_events&#038;p=2842"},"modified":"2023-05-28T10:46:54","modified_gmt":"2023-05-28T09:46:54","slug":"jahresausflug-2023","status":"publish","type":"tribe_events","link":"https:\/\/www.sakristanen-zh-sh.ch\/wordpress\/?tribe_events=jahresausflug-2023","title":{"rendered":"Jahresausflug 2023"},"content":{"rendered":"<p>Der Vorstand freut sich dar\u00fcber, euch alle zum\u00a0Jahresausflug der Sakristanenvereinigung Z\u00fcrich &amp; Schaffhausen nach Trubschachen einladen zu d\u00fcrfen.<\/p>\n<p><strong>Abfahrt:<br \/>\n<\/strong>07.45 Uhr in Z\u00fcrich auf dem Carparkplatz Sihlquai<\/p>\n<p><strong>Was:<\/strong><br \/>\nBesuch der Kambly Erlebniswelt in Trubschachen<br \/>\nKaffeehalt im Restaurant Rosengarten Kollerhuus<br \/>\nMittagessen im Restaurant Bahnh\u00f6fli Entlebuch (Menus siehe unten)<\/p>\n<p><strong>Heimkehr:<br \/>\n<\/strong>ca. 18:00 Uhr in Z\u00fcrich auf dem Carparkplatz Sihlquai<\/p>\n<p><strong>Menu 1:<br \/>\n<\/strong>Bouillon mit Fl\u00e4dli<br \/>\nWillys ber\u00fchmte Hackt\u00e4tschli<br \/>\nmit Kartoffelstock und Gem\u00fcse<br \/>\nGebrannte Caramel-Creme<span class=\"Apple-converted-space\">\u00a0<\/span><\/p>\n<p><strong>Men\u00fc 2:<br \/>\n<\/strong>Bouillon mit Fl\u00e4dli<br \/>\nEntlebucher Fidirulla N\u00fcdeli Bahnh\u00f6fli Style<br \/>\nmit Ruccola, Bioletta (Fetak\u00e4se) und Oliven<br \/>\nGebrannte Caramel-Creme<span class=\"Apple-converted-space\">\u00a0<\/span><\/p>\n<p><strong>Anmeldeschluss:<\/strong> 26. Mai 2023<\/p>\n<p>&nbsp;<\/p>\n","protected":false},"excerpt":{"rendered":"<p>Der Vorstand freut sich dar\u00fcber, euch alle zum\u00a0Jahresausflug der Sakristanenvereinigung Z\u00fcrich &amp; Schaffhausen nach Trubschachen einladen zu d\u00fcrfen. Abfahrt: 07.45 Uhr in Z\u00fcrich auf dem Carparkplatz Sihlquai Was: Besuch der &hellip; <a href=\"https:\/\/www.sakristanen-zh-sh.ch\/wordpress\/?tribe_events=jahresausflug-2023\" class=\"more-link\"><span class=\"screen-reader-text\">Jahresausflug 2023<\/span> weiterlesen <span class=\"meta-nav\">&rarr;<\/span><\/a><\/p>\n","protected":false},"author":1,"featured_media":0,"comment_status":"closed","ping_status":"closed","template":"","meta":{"_tribe_events_status":"","_tribe_events_status_reason":"","footnotes":""},"tags":[],"tribe_events_cat":[],"class_list":["post-2842","tribe_events","type-tribe_events","status-publish","hentry"],"_links":{"self":[{"href":"https:\/\/www.sakristanen-zh-sh.ch\/wordpress\/index.php?rest_route=\/wp\/v2\/tribe_events\/2842","targetHints":{"allow":["GET"]}}],"collection":[{"href":"https:\/\/www.sakristanen-zh-sh.ch\/wordpress\/index.php?rest_route=\/wp\/v2\/tribe_events"}],"about":[{"href":"https:\/\/www.sakristanen-zh-sh.ch\/wordpress\/index.php?rest_route=\/wp\/v2\/types\/tribe_events"}],"author":[{"embeddable":true,"href":"https:\/\/www.sakristanen-zh-sh.ch\/wordpress\/index.php?rest_route=\/wp\/v2\/users\/1"}],"replies":[{"embeddable":true,"href":"https:\/\/www.sakristanen-zh-sh.ch\/wordpress\/index.php?rest_route=%2Fwp%2Fv2%2Fcomments&post=2842"}],"version-history":[{"count":2,"href":"https:\/\/www.sakristanen-zh-sh.ch\/wordpress\/index.php?rest_route=\/wp\/v2\/tribe_events\/2842\/revisions"}],"predecessor-version":[{"id":2928,"href":"https:\/\/www.sakristanen-zh-sh.ch\/wordpress\/index.php?rest_route=\/wp\/v2\/tribe_events\/2842\/revisions\/2928"}],"wp:attachment":[{"href":"https:\/\/www.sakristanen-zh-sh.ch\/wordpress\/index.php?rest_route=%2Fwp%2Fv2%2Fmedia&parent=2842"}],"wp:term":[{"taxonomy":"post_tag","embeddable":true,"href":"https:\/\/www.sakristanen-zh-sh.ch\/wordpress\/index.php?rest_route=%2Fwp%2Fv2%2Ftags&post=2842"},{"taxonomy":"tribe_events_cat","embeddable":true,"href":"https:\/\/www.sakristanen-zh-sh.ch\/wordpress\/index.php?rest_route=%2Fwp%2Fv2%2Ftribe_events_cat&post=2842"}],"curies":[{"name":"wp","href":"https:\/\/api.w.org\/{rel}","templated":true}]}}